{"id":16012,"date":"2025-05-30T12:22:26","date_gmt":"2025-05-30T10:22:26","guid":{"rendered":"https:\/\/nalanda-monastery.eu\/?page_id=16012"},"modified":"2025-10-10T11:35:47","modified_gmt":"2025-10-10T09:35:47","slug":"90th-birthday-of-hhdl","status":"publish","type":"page","link":"https:\/\/nalanda-monastery.eu\/fr\/90th-birthday-of-hhdl\/","title":{"rendered":"90th birthday of His Holiness the Dalai Lama"},"content":{"rendered":"<div data-elementor-type=\"wp-page\" data-elementor-id=\"16012\" class=\"elementor elementor-16012\" data-elementor-post-type=\"page\">\n\t\t\t\t\t\t<section class=\"elementor-section elementor-top-section elementor-element elementor-element-14b168c elementor-section-height-min-height elementor-section-items-bottom elementor-section-boxed elementor-section-height-default\" data-id=\"14b168c\" data-element_type=\"section\" data-e-type=\"section\" data-settings=\"{&quot;background_background&quot;:&quot;classic&quot;}\">\n\t\t\t\t\t\t\t<div class=\"elementor-background-overlay\"><\/div>\n\t\t\t\t\t\t\t<div class=\"elementor-container elementor-column-gap-default\">\n\t\t\t\t\t<div class=\"elementor-column elementor-col-100 elementor-top-column elementor-element elementor-element-5088f38\" data-id=\"5088f38\" data-element_type=\"column\" data-e-type=\"column\" data-settings=\"{&quot;background_background&quot;:&quot;classic&quot;}\">\n\t\t\t<div class=\"elementor-widget-wrap elementor-element-populated\">\n\t\t\t\t\t\t<section class=\"elementor-section elementor-inner-section elementor-element elementor-element-3e111f9 elementor-section-boxed elementor-section-height-default elementor-section-height-default\" data-id=\"3e111f9\" data-element_type=\"section\" data-e-type=\"section\">\n\t\t\t\t\t\t\t<div class=\"elementor-background-overlay\"><\/div>\n\t\t\t\t\t\t\t<div class=\"elementor-container elementor-column-gap-default\">\n\t\t\t\t\t<div class=\"elementor-column elementor-col-100 elementor-inner-column elementor-element elementor-element-0cee868\" data-id=\"0cee868\" data-element_type=\"column\" data-e-type=\"column\">\n\t\t\t<div class=\"elementor-widget-wrap elementor-element-populated\">\n\t\t\t\t\t\t<div class=\"elementor-element elementor-element-9882632 elementor-widget elementor-widget-heading\" data-id=\"9882632\" data-element_type=\"widget\" data-e-type=\"widget\" data-widget_type=\"heading.default\">\n\t\t\t\t<div class=\"elementor-widget-container\">\n\t\t\t\t\t<h1 class=\"elementor-heading-title elementor-size-default\">90e anniversaire de Sa Saintet\u00e9 le Dala\u00ef-Lama\nau monast\u00e8re de Nalanda<\/h1>\t\t\t\t<\/div>\n\t\t\t\t<\/div>\n\t\t\t\t<div class=\"elementor-element elementor-element-2c56e9f elementor-widget elementor-widget-heading\" data-id=\"2c56e9f\" data-element_type=\"widget\" data-e-type=\"widget\" data-widget_type=\"heading.default\">\n\t\t\t\t<div class=\"elementor-widget-container\">\n\t\t\t\t\t<h2 class=\"elementor-heading-title elementor-size-default\">en pr\u00e9sence de Kh\u00e8nsour Rinpoch\u00e9 Lobsang Delek<\/h2>\t\t\t\t<\/div>\n\t\t\t\t<\/div>\n\t\t\t\t<div class=\"elementor-element elementor-element-7c86ee0 elementor-widget elementor-widget-heading\" data-id=\"7c86ee0\" data-element_type=\"widget\" data-e-type=\"widget\" data-widget_type=\"heading.default\">\n\t\t\t\t<div class=\"elementor-widget-container\">\n\t\t\t\t\t<h2 class=\"elementor-heading-title elementor-size-default\">Dimanche 6 juillet 2025<\/h2>\t\t\t\t<\/div>\n\t\t\t\t<\/div>\n\t\t\t\t\t<\/div>\n\t\t<\/div>\n\t\t\t\t\t<\/div>\n\t\t<\/section>\n\t\t\t\t<div class=\"elementor-element elementor-element-9653ce0 elementor-widget elementor-widget-spacer\" data-id=\"9653ce0\" data-element_type=\"widget\" data-e-type=\"widget\" data-widget_type=\"spacer.default\">\n\t\t\t\t<div class=\"elementor-widget-container\">\n\t\t\t\t\t\t\t<div class=\"elementor-spacer\">\n\t\t\t<div class=\"elementor-spacer-inner\"><\/div>\n\t\t<\/div>\n\t\t\t\t\t\t<\/div>\n\t\t\t\t<\/div>\n\t\t\t\t\t<\/div>\n\t\t<\/div>\n\t\t\t\t\t<\/div>\n\t\t<\/section>\n\t\t\t\t<section class=\"elementor-section elementor-top-section elementor-element elementor-element-eff6641 elementor-section-boxed elementor-section-height-default elementor-section-height-default\" data-id=\"eff6641\" data-element_type=\"section\" data-e-type=\"section\">\n\t\t\t\t\t\t<div class=\"elementor-container elementor-column-gap-default\">\n\t\t\t\t\t<div class=\"elementor-column elementor-col-100 elementor-top-column elementor-element elementor-element-69591c1\" data-id=\"69591c1\" data-element_type=\"column\" data-e-type=\"column\">\n\t\t\t<div class=\"elementor-widget-wrap elementor-element-populated\">\n\t\t\t\t\t\t<div class=\"elementor-element elementor-element-0c22e65 elementor-widget elementor-widget-spacer\" data-id=\"0c22e65\" data-element_type=\"widget\" data-e-type=\"widget\" data-widget_type=\"spacer.default\">\n\t\t\t\t<div class=\"elementor-widget-container\">\n\t\t\t\t\t\t\t<div class=\"elementor-spacer\">\n\t\t\t<div class=\"elementor-spacer-inner\"><\/div>\n\t\t<\/div>\n\t\t\t\t\t\t<\/div>\n\t\t\t\t<\/div>\n\t\t\t\t<section class=\"elementor-section elementor-inner-section elementor-element elementor-element-18cc00a elementor-section-boxed elementor-section-height-default elementor-section-height-default\" data-id=\"18cc00a\" data-element_type=\"section\" data-e-type=\"section\">\n\t\t\t\t\t\t<div class=\"elementor-container elementor-column-gap-default\">\n\t\t\t\t\t<div class=\"elementor-column elementor-col-50 elementor-inner-column elementor-element elementor-element-cf9f95e\" data-id=\"cf9f95e\" data-element_type=\"column\" data-e-type=\"column\">\n\t\t\t<div class=\"elementor-widget-wrap elementor-element-populated\">\n\t\t\t\t\t\t<div class=\"elementor-element elementor-element-407a7d2 elementor-widget__width-initial elementor-icon-list--layout-traditional elementor-list-item-link-full_width elementor-widget elementor-widget-icon-list\" data-id=\"407a7d2\" data-element_type=\"widget\" data-e-type=\"widget\" data-widget_type=\"icon-list.default\">\n\t\t\t\t<div class=\"elementor-widget-container\">\n\t\t\t\t\t\t\t<ul class=\"elementor-icon-list-items\">\n\t\t\t\t\t\t\t<li class=\"elementor-icon-list-item\">\n\t\t\t\t\t\t\t\t\t\t\t<span class=\"elementor-icon-list-icon\">\n\t\t\t\t\t\t\t<i aria-hidden=\"true\" class=\"far fa-calendar-alt\"><\/i>\t\t\t\t\t\t<\/span>\n\t\t\t\t\t\t\t\t\t\t<span class=\"elementor-icon-list-text\">Dimanche 6 juillet 2025<\/span>\n\t\t\t\t\t\t\t\t\t<\/li>\n\t\t\t\t\t\t\t\t<li class=\"elementor-icon-list-item\">\n\t\t\t\t\t\t\t\t\t\t\t<span class=\"elementor-icon-list-icon\">\n\t\t\t\t\t\t\t<i aria-hidden=\"true\" class=\"fas fa-location-arrow\"><\/i>\t\t\t\t\t\t<\/span>\n\t\t\t\t\t\t\t\t\t\t<span class=\"elementor-icon-list-text\">Monast\u00e8re de Nalanda, France<\/span>\n\t\t\t\t\t\t\t\t\t<\/li>\n\t\t\t\t\t\t\t\t<li class=\"elementor-icon-list-item\">\n\t\t\t\t\t\t\t\t\t\t\t<span class=\"elementor-icon-list-icon\">\n\t\t\t\t\t\t\t<i aria-hidden=\"true\" class=\"fas fa-language\"><\/i>\t\t\t\t\t\t<\/span>\n\t\t\t\t\t\t\t\t\t\t<span class=\"elementor-icon-list-text\">Tib\u00e9tain, anglais, fran\u00e7ais, espagnol<\/span>\n\t\t\t\t\t\t\t\t\t<\/li>\n\t\t\t\t\t\t\t\t<li class=\"elementor-icon-list-item\">\n\t\t\t\t\t\t\t\t\t\t\t<span class=\"elementor-icon-list-icon\">\n\t\t\t\t\t\t\t<i aria-hidden=\"true\" class=\"fas fa-exclamation\"><\/i>\t\t\t\t\t\t<\/span>\n\t\t\t\t\t\t\t\t\t\t<span class=\"elementor-icon-list-text\">AN - ESP -&gt; Amenez votre radio FM !<\/span>\n\t\t\t\t\t\t\t\t\t<\/li>\n\t\t\t\t\t\t\t\t<li class=\"elementor-icon-list-item\">\n\t\t\t\t\t\t\t\t\t\t\t<span class=\"elementor-icon-list-icon\">\n\t\t\t\t\t\t\t<i aria-hidden=\"true\" class=\"fas fa-hands-helping\"><\/i>\t\t\t\t\t\t<\/span>\n\t\t\t\t\t\t\t\t\t\t<span class=\"elementor-icon-list-text\">Inscription obligatoire<\/span>\n\t\t\t\t\t\t\t\t\t<\/li>\n\t\t\t\t\t\t\t\t<li class=\"elementor-icon-list-item\">\n\t\t\t\t\t\t\t\t\t\t\t<span class=\"elementor-icon-list-icon\">\n\t\t\t\t\t\t\t<i aria-hidden=\"true\" class=\"fas fa-check\"><\/i>\t\t\t\t\t\t<\/span>\n\t\t\t\t\t\t\t\t\t\t<span class=\"elementor-icon-list-text\">Les inscriptions sont ouvertes !<\/span>\n\t\t\t\t\t\t\t\t\t<\/li>\n\t\t\t\t\t\t<\/ul>\n\t\t\t\t\t\t<\/div>\n\t\t\t\t<\/div>\n\t\t\t\t<div class=\"elementor-element elementor-element-b269947 elementor-widget-divider--separator-type-pattern elementor-widget-divider--view-line elementor-widget elementor-widget-divider\" data-id=\"b269947\" data-element_type=\"widget\" data-e-type=\"widget\" data-widget_type=\"divider.default\">\n\t\t\t\t<div class=\"elementor-widget-container\">\n\t\t\t\t\t\t\t<div class=\"elementor-divider\" style=\"--divider-pattern-url: url(&quot;data:image\/svg+xml,%3Csvg xmlns=&#039;http:\/\/www.w3.org\/2000\/svg&#039; preserveAspectRatio=&#039;none&#039; overflow=&#039;visible&#039; height=&#039;100%&#039; viewBox=&#039;0 0 24 24&#039; fill=&#039;none&#039; stroke=&#039;black&#039; stroke-width=&#039;1&#039; stroke-linecap=&#039;square&#039; stroke-miterlimit=&#039;10&#039;%3E%3Cpath d=&#039;M0,6c6,0,6,13,12,13S18,6,24,6&#039;\/%3E%3C\/svg%3E&quot;);\">\n\t\t\t<span class=\"elementor-divider-separator\">\n\t\t\t\t\t\t<\/span>\n\t\t<\/div>\n\t\t\t\t\t\t<\/div>\n\t\t\t\t<\/div>\n\t\t\t\t<div class=\"elementor-element elementor-element-a16de2d elementor-widget elementor-widget-heading\" data-id=\"a16de2d\" data-element_type=\"widget\" data-e-type=\"widget\" data-widget_type=\"heading.default\">\n\t\t\t\t<div class=\"elementor-widget-container\">\n\t\t\t\t\t<h3 class=\"elementor-heading-title elementor-size-default\">Sa Saintet\u00e9 le quatorzi\u00e8me Dala\u00ef-Lama<\/h3>\t\t\t\t<\/div>\n\t\t\t\t<\/div>\n\t\t\t\t<div class=\"elementor-element elementor-element-d6682f1 elementor-widget elementor-widget-image\" data-id=\"d6682f1\" data-element_type=\"widget\" data-e-type=\"widget\" data-widget_type=\"image.default\">\n\t\t\t\t<div class=\"elementor-widget-container\">\n\t\t\t\t\t\t\t\t\t\t\t\t\t\t\t<img decoding=\"async\" src=\"https:\/\/nalanda-monastery.eu\/wp-content\/uploads\/elementor\/thumbs\/dalai-lama-r3g7tgiyhyb0a08f9f56fiaelq6mph1s97npr886tk.jpg\" title=\"dalai-lama\" alt=\"Sa Saintet\u00e9 le quatorzi\u00e8me Dala\u00ef-Lama\" loading=\"lazy\" \/>\t\t\t\t\t\t\t\t\t\t\t\t\t\t\t<\/div>\n\t\t\t\t<\/div>\n\t\t\t\t<div class=\"elementor-element elementor-element-3a1559b elementor-widget elementor-widget-spacer\" data-id=\"3a1559b\" data-element_type=\"widget\" data-e-type=\"widget\" data-widget_type=\"spacer.default\">\n\t\t\t\t<div class=\"elementor-widget-container\">\n\t\t\t\t\t\t\t<div class=\"elementor-spacer\">\n\t\t\t<div class=\"elementor-spacer-inner\"><\/div>\n\t\t<\/div>\n\t\t\t\t\t\t<\/div>\n\t\t\t\t<\/div>\n\t\t\t\t<div class=\"elementor-element elementor-element-302fa2d elementor-widget elementor-widget-text-editor\" data-id=\"302fa2d\" data-element_type=\"widget\" data-e-type=\"widget\" id=\"registration\" data-widget_type=\"text-editor.default\">\n\t\t\t\t<div class=\"elementor-widget-container\">\n\t\t\t\t\t\t\t\t\t<div><div><span style=\"font-size: 16px;\"><b>\u00a0<\/b><\/span><\/div><div><p style=\"font-size: 16px; font-style: normal; font-weight: 400;\"><span style=\"letter-spacing: 2.5px; font-weight: bold; font-size: 28px; color: #000f2b;\">Participation \u00e0 l'\u00e9v\u00e9nement<\/span><\/p><\/div><\/div>\t\t\t\t\t\t\t\t<\/div>\n\t\t\t\t<\/div>\n\t\t\t\t<div class=\"elementor-element elementor-element-ed36526 elementor-align-center elementor-widget elementor-widget-button\" data-id=\"ed36526\" data-element_type=\"widget\" data-e-type=\"widget\" data-widget_type=\"button.default\">\n\t\t\t\t<div class=\"elementor-widget-container\">\n\t\t\t\t\t\t\t\t\t<div class=\"elementor-button-wrapper\">\n\t\t\t\t\t<a class=\"elementor-button elementor-button-link elementor-size-sm\" href=\"https:\/\/booking.seminardesk.de\/fr\/nalanda-monastery\/b1b01f356c9d49e686e6cbd023c012ff\/le-90-eme-anniversaire-sa-saintete-le-dalai-lama\">\n\t\t\t\t\t\t<span class=\"elementor-button-content-wrapper\">\n\t\t\t\t\t\t\t\t\t<span class=\"elementor-button-text\">Je m'inscris !<\/span>\n\t\t\t\t\t<\/span>\n\t\t\t\t\t<\/a>\n\t\t\t\t<\/div>\n\t\t\t\t\t\t\t\t<\/div>\n\t\t\t\t<\/div>\n\t\t\t\t<div class=\"elementor-element elementor-element-27f26b3 elementor-widget elementor-widget-text-editor\" data-id=\"27f26b3\" data-element_type=\"widget\" data-e-type=\"widget\" data-widget_type=\"text-editor.default\">\n\t\t\t\t<div class=\"elementor-widget-container\">\n\t\t\t\t\t\t\t\t\t<p><em>Vous pouvez modifier la langue du lien d'inscription en bas de la page.<\/em><\/p>\t\t\t\t\t\t\t\t<\/div>\n\t\t\t\t<\/div>\n\t\t\t\t<div class=\"elementor-element elementor-element-4c34b10 elementor-widget elementor-widget-text-editor\" data-id=\"4c34b10\" data-element_type=\"widget\" data-e-type=\"widget\" data-widget_type=\"text-editor.default\">\n\t\t\t\t<div class=\"elementor-widget-container\">\n\t\t\t\t\t\t\t\t\t<div><div><p><span style=\"color: #000f2b;\"><span style=\"font-size: 28px; letter-spacing: 2.5px;\"><b>Traduction<\/b><\/span><\/span><\/p><p>La langue parl\u00e9e sera le tib\u00e9tain et le fran\u00e7ais. <br \/>Si vous souhaitez \u00e9couter la traduction anglaise ou espagnole, veuillez apporter votre propre radio FM et des piles !<\/p><p>En raison du grand nombre de personnes, Nalanda ne peut pas fournir de radios \u00e0 tout le monde.<\/p><\/div><\/div>\t\t\t\t\t\t\t\t<\/div>\n\t\t\t\t<\/div>\n\t\t\t\t\t<\/div>\n\t\t<\/div>\n\t\t\t\t<div class=\"elementor-column elementor-col-50 elementor-inner-column elementor-element elementor-element-d323bf2\" data-id=\"d323bf2\" data-element_type=\"column\" data-e-type=\"column\">\n\t\t\t<div class=\"elementor-widget-wrap elementor-element-populated\">\n\t\t\t\t\t\t<div class=\"elementor-element elementor-element-b727d57 elementor-widget elementor-widget-text-editor\" data-id=\"b727d57\" data-element_type=\"widget\" data-e-type=\"widget\" data-widget_type=\"text-editor.default\">\n\t\t\t\t<div class=\"elementor-widget-container\">\n\t\t\t\t\t\t\t\t\t<p class=\" translation-block\">Au sein d'une <a href=\"\u00ab\" target=\"\u00ab\">s\u00e9rie exceptionnelle d'\u00e9v\u00e9nements avec Son \u00c9minence Kh\u00e8nsour Rinpoch\u00e9 Lobsang Delek<\/a> au monast\u00e8re de Nalanda cet \u00e9t\u00e9, nous aurons la grande joie de c\u00e9l\u00e9brer le 90e anniversaire de Sa Saintet\u00e9 le Dala\u00ef-Lama. Cet \u00e9v\u00e9nement marquera le d\u00e9but de \"l'ann\u00e9e de la compassion\" qui durera jusqu'au 6 juillet 2026.<\/p>\t\t\t\t\t\t\t\t<\/div>\n\t\t\t\t<\/div>\n\t\t\t\t<div class=\"elementor-element elementor-element-7a392e1 elementor-align-center elementor-widget elementor-widget-button\" data-id=\"7a392e1\" data-element_type=\"widget\" data-e-type=\"widget\" data-widget_type=\"button.default\">\n\t\t\t\t<div class=\"elementor-widget-container\">\n\t\t\t\t\t\t\t\t\t<div class=\"elementor-button-wrapper\">\n\t\t\t\t\t<a class=\"elementor-button elementor-button-link elementor-size-sm\" href=\"https:\/\/booking.seminardesk.de\/fr\/nalanda-monastery\/b1b01f356c9d49e686e6cbd023c012ff\/le-90-eme-anniversaire-sa-saintete-le-dalai-lama\">\n\t\t\t\t\t\t<span class=\"elementor-button-content-wrapper\">\n\t\t\t\t\t\t\t\t\t<span class=\"elementor-button-text\">Je m'inscris !<\/span>\n\t\t\t\t\t<\/span>\n\t\t\t\t\t<\/a>\n\t\t\t\t<\/div>\n\t\t\t\t\t\t\t\t<\/div>\n\t\t\t\t<\/div>\n\t\t\t\t<div class=\"elementor-element elementor-element-df166b4 elementor-widget elementor-widget-spacer\" data-id=\"df166b4\" data-element_type=\"widget\" data-e-type=\"widget\" data-widget_type=\"spacer.default\">\n\t\t\t\t<div class=\"elementor-widget-container\">\n\t\t\t\t\t\t\t<div class=\"elementor-spacer\">\n\t\t\t<div class=\"elementor-spacer-inner\"><\/div>\n\t\t<\/div>\n\t\t\t\t\t\t<\/div>\n\t\t\t\t<\/div>\n\t\t\t\t<div class=\"elementor-element elementor-element-47aa368 elementor-widget__width-initial elementor-widget elementor-widget-accordion\" data-id=\"47aa368\" data-element_type=\"widget\" data-e-type=\"widget\" data-widget_type=\"accordion.default\">\n\t\t\t\t<div class=\"elementor-widget-container\">\n\t\t\t\t\t\t\t<div class=\"elementor-accordion\">\n\t\t\t\t\t\t\t<div class=\"elementor-accordion-item\">\n\t\t\t\t\t<div id=\"elementor-tab-title-7511\" class=\"elementor-tab-title\" data-tab=\"1\" role=\"button\" aria-controls=\"elementor-tab-content-7511\" aria-expanded=\"false\">\n\t\t\t\t\t\t\t\t\t\t\t\t\t<span class=\"elementor-accordion-icon elementor-accordion-icon-left\" aria-hidden=\"true\">\n\t\t\t\t\t\t\t\t\t\t\t\t\t\t\t<span class=\"elementor-accordion-icon-closed\"><i class=\"fas fa-plus\"><\/i><\/span>\n\t\t\t\t\t\t\t\t<span class=\"elementor-accordion-icon-opened\"><i class=\"fas fa-minus\"><\/i><\/span>\n\t\t\t\t\t\t\t\t\t\t\t\t\t\t<\/span>\n\t\t\t\t\t\t\t\t\t\t\t\t<a class=\"elementor-accordion-title\" tabindex=\"0\">Une courte biographie<\/a>\n\t\t\t\t\t<\/div>\n\t\t\t\t\t<div id=\"elementor-tab-content-7511\" class=\"elementor-tab-content elementor-clearfix\" data-tab=\"1\" role=\"region\" aria-labelledby=\"elementor-tab-title-7511\"><p class=\" translation-block\"><strong>Sa Saintet\u00e9 le 14e Dala\u00ef-Lama<\/strong>, T\u00e8nzin Gyatso, est n\u00e9 le 6 juillet 1935 \u00e0 Taktser, un petit village de l'Amdo, au nord-est du Tibet. Reconnu \u00e0 l'\u00e2ge de deux ans comme la r\u00e9incarnation du 13e Dala\u00ef-Lama, il est consid\u00e9r\u00e9 par les bouddhistes tib\u00e9tains comme <strong>la manifestation humaine d'Avalokit\u00e8shvara<\/strong>, le bodhisattva de la Compassion. Intronis\u00e9 \u00e0 Lhassa en 1940, il a assum\u00e9 les pleins pouvoirs politiques en 1950, alors que la menace de l'occupation chinoise se faisait de plus en plus pressante.<\/p><p>Apr\u00e8s le soul\u00e8vement tib\u00e9tain de 1959, Sa Saintet\u00e9 s'est exil\u00e9 en Inde, o\u00f9 il a \u00e9tabli l'administration centrale tib\u00e9taine \u00e0 Dharamsala. Depuis lors, il a travaill\u00e9 sans rel\u00e2che \u00e0 la pr\u00e9servation de la culture tib\u00e9taine et \u00e0 la promotion des valeurs humaines, de la non-violence, du dialogue interconfessionnel et de la responsabilit\u00e9 universelle.<\/p><p>Il a re\u00e7u de nombreuses r\u00e9compenses internationales, dont le prix Nobel de la paix en 1989, pour son engagement in\u00e9branlable en faveur de la r\u00e9sistance pacifique. Profond\u00e9ment respect\u00e9 pour sa perspicacit\u00e9 spirituelle et son humilit\u00e9, Sa Saintet\u00e9 reste un guide pour des millions de bouddhistes dans le monde.<\/p><p>Malgr\u00e9 son influence mondiale, il m\u00e8ne une vie monastique simple. Ses enseignements mettent l'accent sur la compassion, l'altruisme et l'unit\u00e9 de tous les \u00eatres sensibles. Il continue d'inspirer les autres par sa compassion sans limites et sa profonde sagesse.<\/p><\/div>\n\t\t\t\t<\/div>\n\t\t\t\t\t\t\t\t<\/div>\n\t\t\t\t\t\t<\/div>\n\t\t\t\t<\/div>\n\t\t\t\t<div class=\"elementor-element elementor-element-ee714f7 elementor-widget elementor-widget-spacer\" data-id=\"ee714f7\" data-element_type=\"widget\" data-e-type=\"widget\" data-widget_type=\"spacer.default\">\n\t\t\t\t<div class=\"elementor-widget-container\">\n\t\t\t\t\t\t\t<div class=\"elementor-spacer\">\n\t\t\t<div class=\"elementor-spacer-inner\"><\/div>\n\t\t<\/div>\n\t\t\t\t\t\t<\/div>\n\t\t\t\t<\/div>\n\t\t\t\t<div class=\"elementor-element elementor-element-1b11225 elementor-widget elementor-widget-text-editor\" data-id=\"1b11225\" data-element_type=\"widget\" data-e-type=\"widget\" data-widget_type=\"text-editor.default\">\n\t\t\t\t<div class=\"elementor-widget-container\">\n\t\t\t\t\t\t\t\t\t<p><span style=\"font-size: 28px; font-weight: bold; color: #000f2b; letter-spacing: 2.5px;\"><br \/>Programme du dimanche 6 juillet<\/span><\/p><div><ul><li><em><strong>08:45: <\/strong><\/em>Gourou pouja pour la longue vie de Sa Saintet\u00e9 le Dala\u00ef-Lama sous la tente<\/li><li><em><strong>11:00<\/strong>: <\/em>Offrande du mandala \u00e0 Kh\u00e8nsour Rinpoch\u00e9 Lobsang Delek<em><br \/><\/em><\/li><li>Offrande et distribution de th\u00e9 au beurre et de riz<\/li><li>Conseils donn\u00e9s par Kh\u00e8nsour Rinpoch\u00e9 Lobsang Delek<\/li><li>Courts discours des invit\u00e9s politiques<\/li><li>Pri\u00e8re soufie pour la paix<\/li><li>Discours de T\u00e8nzin Trinley, repr\u00e9sentant de la communaut\u00e9 tib\u00e9taine<\/li><li>Offrande du g\u00e2teau \u00e0 Sa Saintet\u00e9 le Dala\u00ef-Lama<\/li><li>Offrande de la chanson \"Joyeux anniversaire\" \u00e0 Sa Saintet\u00e9 le Dala\u00ef-Lama (avec ch\u0153ur fran\u00e7ais)<\/li><li>Offering of songs and dances from the Himalayans community<em><br \/><\/em><\/li><li><strong><em>12:30<\/em><\/strong>: Pique-nique dans le parc ou sous les tentes selon le temps.<\/li><li>F\u00eate d'apr\u00e8s-midi dans le parc jusqu'\u00e0 19h00.<\/li><\/ul><div>\u00a0<\/div><\/div>\t\t\t\t\t\t\t\t<\/div>\n\t\t\t\t<\/div>\n\t\t\t\t<div class=\"elementor-element elementor-element-3c01559 elementor-widget elementor-widget-spacer\" data-id=\"3c01559\" data-element_type=\"widget\" data-e-type=\"widget\" data-widget_type=\"spacer.default\">\n\t\t\t\t<div class=\"elementor-widget-container\">\n\t\t\t\t\t\t\t<div class=\"elementor-spacer\">\n\t\t\t<div class=\"elementor-spacer-inner\"><\/div>\n\t\t<\/div>\n\t\t\t\t\t\t<\/div>\n\t\t\t\t<\/div>\n\t\t\t\t<div class=\"elementor-element elementor-element-0519f84 elementor-widget elementor-widget-text-editor\" data-id=\"0519f84\" data-element_type=\"widget\" data-e-type=\"widget\" data-widget_type=\"text-editor.default\">\n\t\t\t\t<div class=\"elementor-widget-container\">\n\t\t\t\t\t\t\t\t\t<p><span style=\"font-size: 16px; font-style: normal;\"><b>Merci d'envisager de soutenir l'organisation de cet \u00e9v\u00e9nement ! Chaque don compte.<\/b><\/span><\/p>\t\t\t\t\t\t\t\t<\/div>\n\t\t\t\t<\/div>\n\t\t\t\t<div class=\"elementor-element elementor-element-553924a elementor-align-center elementor-widget elementor-widget-button\" data-id=\"553924a\" data-element_type=\"widget\" data-e-type=\"widget\" data-widget_type=\"button.default\">\n\t\t\t\t<div class=\"elementor-widget-container\">\n\t\t\t\t\t\t\t\t\t<div class=\"elementor-button-wrapper\">\n\t\t\t\t\t<a class=\"elementor-button elementor-button-link elementor-size-sm\" href=\"#elementor-action%3Aaction%3Dpopup%3Aopen%26settings%3DeyJpZCI6IjEyMzQiLCJ0b2dnbGUiOmZhbHNlfQ%3D%3D\" target=\"_blank\">\n\t\t\t\t\t\t<span class=\"elementor-button-content-wrapper\">\n\t\t\t\t\t\t\t\t\t<span class=\"elementor-button-text\">Faire un don<\/span>\n\t\t\t\t\t<\/span>\n\t\t\t\t\t<\/a>\n\t\t\t\t<\/div>\n\t\t\t\t\t\t\t\t<\/div>\n\t\t\t\t<\/div>\n\t\t\t\t\t<\/div>\n\t\t<\/div>\n\t\t\t\t\t<\/div>\n\t\t<\/section>\n\t\t\t\t\t<\/div>\n\t\t<\/div>\n\t\t\t\t\t<\/div>\n\t\t<\/section>\n\t\t\t\t<\/div>","protected":false},"excerpt":{"rendered":"<p>90th birthday of His Holiness the Dalai Lama at Nalanda Monastery in the presence of Khensur Rinpoche Lobsang Delek Sunday 6th July 2025 Sunday 6th July 2025 Nalanda Monastery, France Tibetan, English, Fran\u00e7ais, Espanol EN &#8211; SP -&gt; Bring your FM radio! Mandatory Registration Registration opened! His Holiness the fourteenth Dalai Lama \u00a0 Participation to &hellip;<\/p>\n<p class=\"read-more\"> <a class=\"\" href=\"https:\/\/nalanda-monastery.eu\/fr\/90th-birthday-of-hhdl\/\"> <span class=\"screen-reader-text\">90th birthday of His Holiness the Dalai Lama<\/span> Lire la suite\u00a0\u00bb<\/a><\/p>","protected":false},"author":125,"featured_media":0,"parent":0,"menu_order":0,"comment_status":"closed","ping_status":"closed","template":"","meta":{"_acf_changed":false,"give_campaign_id":0,"site-sidebar-layout":"no-sidebar","site-content-layout":"page-builder","ast-global-header-display":"","ast-main-header-display":"","ast-hfb-above-header-display":"","ast-hfb-below-header-display":"","ast-hfb-mobile-header-display":"","site-post-title":"disabled","ast-breadcrumbs-content":"","ast-featured-img":"disabled","footer-sml-layout":"","theme-transparent-header-meta":"","adv-header-id-meta":"","stick-header-meta":"","header-above-stick-meta":"","header-main-stick-meta":"","header-below-stick-meta":"","footnotes":""},"class_list":["post-16012","page","type-page","status-publish","hentry"],"acf":[],"yoast_head":"<!-- This site is optimized with the Yoast SEO plugin v27.4 - https:\/\/yoast.com\/product\/yoast-seo-wordpress\/ -->\n<title>90th birthday of His Holiness the Dalai Lama &#8212; Nalanda Monastery<\/title>\n<meta name=\"description\" content=\"This year we celebrate His Holiness the Dalai Lama&#039;s 90th birthday at Nalanda Monastery, in the presence of his Eminence Khensur Rinpoche.\" \/>\n<meta name=\"robots\" content=\"index, follow, max-snippet:-1, max-image-preview:large, max-video-preview:-1\" \/>\n<link rel=\"canonical\" href=\"https:\/\/nalanda-monastery.eu\/fr\/90th-birthday-of-hhdl\/\" \/>\n<meta property=\"og:locale\" content=\"fr_FR\" \/>\n<meta property=\"og:type\" content=\"article\" \/>\n<meta property=\"og:title\" content=\"Khensur Rinpoche @ Nalanda\" \/>\n<meta property=\"og:description\" content=\"This year we celebrate His Holiness the Dalai Lama&#039;s 90th birthday at Nalanda Monastery, in the presence of his Eminence Khensur Rinpoche.\" \/>\n<meta property=\"og:url\" content=\"https:\/\/nalanda-monastery.eu\/fr\/90th-birthday-of-hhdl\/\" \/>\n<meta property=\"og:site_name\" content=\"Nalanda Monastery\" \/>\n<meta property=\"article:publisher\" content=\"https:\/\/www.facebook.com\/Nalanda.Monastery\/\" \/>\n<meta property=\"article:modified_time\" content=\"2025-10-10T09:35:47+00:00\" \/>\n<meta property=\"og:image\" content=\"https:\/\/nalanda-monastery.eu\/wp-content\/uploads\/2025\/04\/WhatsApp-Image-2025-04-20-at-13.02.09.jpeg\" \/>\n\t<meta property=\"og:image:width\" content=\"1398\" \/>\n\t<meta property=\"og:image:height\" content=\"1600\" \/>\n\t<meta property=\"og:image:type\" content=\"image\/jpeg\" \/>\n<meta name=\"twitter:card\" content=\"summary_large_image\" \/>\n<meta name=\"twitter:label1\" content=\"Dur\u00e9e de lecture estim\u00e9e\" \/>\n\t<meta name=\"twitter:data1\" content=\"3 minutes\" \/>\n<script type=\"application\/ld+json\" class=\"yoast-schema-graph\">{\"@context\":\"https:\\\/\\\/schema.org\",\"@graph\":[{\"@type\":\"WebPage\",\"@id\":\"https:\\\/\\\/nalanda-monastery.eu\\\/90th-birthday-of-hhdl\\\/\",\"url\":\"https:\\\/\\\/nalanda-monastery.eu\\\/90th-birthday-of-hhdl\\\/\",\"name\":\"90th birthday of His Holiness the Dalai Lama &#8212; Nalanda Monastery\",\"isPartOf\":{\"@id\":\"https:\\\/\\\/nalanda-monastery.eu\\\/#website\"},\"primaryImageOfPage\":{\"@id\":\"https:\\\/\\\/nalanda-monastery.eu\\\/90th-birthday-of-hhdl\\\/#primaryimage\"},\"image\":{\"@id\":\"https:\\\/\\\/nalanda-monastery.eu\\\/90th-birthday-of-hhdl\\\/#primaryimage\"},\"thumbnailUrl\":\"https:\\\/\\\/nalanda-monastery.eu\\\/wp-content\\\/uploads\\\/elementor\\\/thumbs\\\/dalai-lama-r3g7tgiyhyb0a08f9f56fiaelq6mph1s97npr886tk.jpg\",\"datePublished\":\"2025-05-30T10:22:26+00:00\",\"dateModified\":\"2025-10-10T09:35:47+00:00\",\"description\":\"This year we celebrate His Holiness the Dalai Lama's 90th birthday at Nalanda Monastery, in the presence of his Eminence Khensur Rinpoche.\",\"breadcrumb\":{\"@id\":\"https:\\\/\\\/nalanda-monastery.eu\\\/90th-birthday-of-hhdl\\\/#breadcrumb\"},\"inLanguage\":\"fr-FR\",\"potentialAction\":[{\"@type\":\"ReadAction\",\"target\":[\"https:\\\/\\\/nalanda-monastery.eu\\\/90th-birthday-of-hhdl\\\/\"]}]},{\"@type\":\"ImageObject\",\"inLanguage\":\"fr-FR\",\"@id\":\"https:\\\/\\\/nalanda-monastery.eu\\\/90th-birthday-of-hhdl\\\/#primaryimage\",\"url\":\"https:\\\/\\\/nalanda-monastery.eu\\\/wp-content\\\/uploads\\\/elementor\\\/thumbs\\\/dalai-lama-r3g7tgiyhyb0a08f9f56fiaelq6mph1s97npr886tk.jpg\",\"contentUrl\":\"https:\\\/\\\/nalanda-monastery.eu\\\/wp-content\\\/uploads\\\/elementor\\\/thumbs\\\/dalai-lama-r3g7tgiyhyb0a08f9f56fiaelq6mph1s97npr886tk.jpg\"},{\"@type\":\"BreadcrumbList\",\"@id\":\"https:\\\/\\\/nalanda-monastery.eu\\\/90th-birthday-of-hhdl\\\/#breadcrumb\",\"itemListElement\":[{\"@type\":\"ListItem\",\"position\":1,\"name\":\"Home\",\"item\":\"https:\\\/\\\/nalanda-monastery.eu\\\/\"},{\"@type\":\"ListItem\",\"position\":2,\"name\":\"90th birthday of His Holiness the Dalai Lama\"}]},{\"@type\":\"WebSite\",\"@id\":\"https:\\\/\\\/nalanda-monastery.eu\\\/#website\",\"url\":\"https:\\\/\\\/nalanda-monastery.eu\\\/\",\"name\":\"Nalanda Monastery\",\"description\":\"Tibetan buddhist monastery in the Gelugpa tradition; Dharma studies and practice\",\"publisher\":{\"@id\":\"https:\\\/\\\/nalanda-monastery.eu\\\/#organization\"},\"potentialAction\":[{\"@type\":\"SearchAction\",\"target\":{\"@type\":\"EntryPoint\",\"urlTemplate\":\"https:\\\/\\\/nalanda-monastery.eu\\\/?s={search_term_string}\"},\"query-input\":{\"@type\":\"PropertyValueSpecification\",\"valueRequired\":true,\"valueName\":\"search_term_string\"}}],\"inLanguage\":\"fr-FR\"},{\"@type\":\"Organization\",\"@id\":\"https:\\\/\\\/nalanda-monastery.eu\\\/#organization\",\"name\":\"Nalanda Monastery\",\"url\":\"https:\\\/\\\/nalanda-monastery.eu\\\/\",\"logo\":{\"@type\":\"ImageObject\",\"inLanguage\":\"fr-FR\",\"@id\":\"https:\\\/\\\/nalanda-monastery.eu\\\/#\\\/schema\\\/logo\\\/image\\\/\",\"url\":\"https:\\\/\\\/nalanda-monastery.eu\\\/wp-content\\\/uploads\\\/2020\\\/04\\\/Spiritual-Logo-nntransparent-72dpi-white-4-copy.png\",\"contentUrl\":\"https:\\\/\\\/nalanda-monastery.eu\\\/wp-content\\\/uploads\\\/2020\\\/04\\\/Spiritual-Logo-nntransparent-72dpi-white-4-copy.png\",\"width\":400,\"height\":438,\"caption\":\"Nalanda Monastery\"},\"image\":{\"@id\":\"https:\\\/\\\/nalanda-monastery.eu\\\/#\\\/schema\\\/logo\\\/image\\\/\"},\"sameAs\":[\"https:\\\/\\\/www.facebook.com\\\/Nalanda.Monastery\\\/\"]}]}<\/script>\n<!-- \/ Yoast SEO plugin. -->","yoast_head_json":{"title":"90th birthday of His Holiness the Dalai Lama &#8212; Nalanda Monastery","description":"This year we celebrate His Holiness the Dalai Lama's 90th birthday at Nalanda Monastery, in the presence of his Eminence Khensur Rinpoche.","robots":{"index":"index","follow":"follow","max-snippet":"max-snippet:-1","max-image-preview":"max-image-preview:large","max-video-preview":"max-video-preview:-1"},"canonical":"https:\/\/nalanda-monastery.eu\/fr\/90th-birthday-of-hhdl\/","og_locale":"fr_FR","og_type":"article","og_title":"Khensur Rinpoche @ Nalanda","og_description":"This year we celebrate His Holiness the Dalai Lama's 90th birthday at Nalanda Monastery, in the presence of his Eminence Khensur Rinpoche.","og_url":"https:\/\/nalanda-monastery.eu\/fr\/90th-birthday-of-hhdl\/","og_site_name":"Nalanda Monastery","article_publisher":"https:\/\/www.facebook.com\/Nalanda.Monastery\/","article_modified_time":"2025-10-10T09:35:47+00:00","og_image":[{"width":1398,"height":1600,"url":"https:\/\/nalanda-monastery.eu\/wp-content\/uploads\/2025\/04\/WhatsApp-Image-2025-04-20-at-13.02.09.jpeg","type":"image\/jpeg"}],"twitter_card":"summary_large_image","twitter_misc":{"Dur\u00e9e de lecture estim\u00e9e":"3 minutes"},"schema":{"@context":"https:\/\/schema.org","@graph":[{"@type":"WebPage","@id":"https:\/\/nalanda-monastery.eu\/90th-birthday-of-hhdl\/","url":"https:\/\/nalanda-monastery.eu\/90th-birthday-of-hhdl\/","name":"90th birthday of His Holiness the Dalai Lama &#8212; Nalanda Monastery","isPartOf":{"@id":"https:\/\/nalanda-monastery.eu\/#website"},"primaryImageOfPage":{"@id":"https:\/\/nalanda-monastery.eu\/90th-birthday-of-hhdl\/#primaryimage"},"image":{"@id":"https:\/\/nalanda-monastery.eu\/90th-birthday-of-hhdl\/#primaryimage"},"thumbnailUrl":"https:\/\/nalanda-monastery.eu\/wp-content\/uploads\/elementor\/thumbs\/dalai-lama-r3g7tgiyhyb0a08f9f56fiaelq6mph1s97npr886tk.jpg","datePublished":"2025-05-30T10:22:26+00:00","dateModified":"2025-10-10T09:35:47+00:00","description":"This year we celebrate His Holiness the Dalai Lama's 90th birthday at Nalanda Monastery, in the presence of his Eminence Khensur Rinpoche.","breadcrumb":{"@id":"https:\/\/nalanda-monastery.eu\/90th-birthday-of-hhdl\/#breadcrumb"},"inLanguage":"fr-FR","potentialAction":[{"@type":"ReadAction","target":["https:\/\/nalanda-monastery.eu\/90th-birthday-of-hhdl\/"]}]},{"@type":"ImageObject","inLanguage":"fr-FR","@id":"https:\/\/nalanda-monastery.eu\/90th-birthday-of-hhdl\/#primaryimage","url":"https:\/\/nalanda-monastery.eu\/wp-content\/uploads\/elementor\/thumbs\/dalai-lama-r3g7tgiyhyb0a08f9f56fiaelq6mph1s97npr886tk.jpg","contentUrl":"https:\/\/nalanda-monastery.eu\/wp-content\/uploads\/elementor\/thumbs\/dalai-lama-r3g7tgiyhyb0a08f9f56fiaelq6mph1s97npr886tk.jpg"},{"@type":"BreadcrumbList","@id":"https:\/\/nalanda-monastery.eu\/90th-birthday-of-hhdl\/#breadcrumb","itemListElement":[{"@type":"ListItem","position":1,"name":"Home","item":"https:\/\/nalanda-monastery.eu\/"},{"@type":"ListItem","position":2,"name":"90th birthday of His Holiness the Dalai Lama"}]},{"@type":"WebSite","@id":"https:\/\/nalanda-monastery.eu\/#website","url":"https:\/\/nalanda-monastery.eu\/","name":"Le monast\u00e8re Nalanda","description":"Tibetan buddhist monastery in the Gelugpa tradition; Dharma studies and practice","publisher":{"@id":"https:\/\/nalanda-monastery.eu\/#organization"},"potentialAction":[{"@type":"SearchAction","target":{"@type":"EntryPoint","urlTemplate":"https:\/\/nalanda-monastery.eu\/?s={search_term_string}"},"query-input":{"@type":"PropertyValueSpecification","valueRequired":true,"valueName":"search_term_string"}}],"inLanguage":"fr-FR"},{"@type":"Organization","@id":"https:\/\/nalanda-monastery.eu\/#organization","name":"Le monast\u00e8re Nalanda","url":"https:\/\/nalanda-monastery.eu\/","logo":{"@type":"ImageObject","inLanguage":"fr-FR","@id":"https:\/\/nalanda-monastery.eu\/#\/schema\/logo\/image\/","url":"https:\/\/nalanda-monastery.eu\/wp-content\/uploads\/2020\/04\/Spiritual-Logo-nntransparent-72dpi-white-4-copy.png","contentUrl":"https:\/\/nalanda-monastery.eu\/wp-content\/uploads\/2020\/04\/Spiritual-Logo-nntransparent-72dpi-white-4-copy.png","width":400,"height":438,"caption":"Nalanda Monastery"},"image":{"@id":"https:\/\/nalanda-monastery.eu\/#\/schema\/logo\/image\/"},"sameAs":["https:\/\/www.facebook.com\/Nalanda.Monastery\/"]}]}},"campaignId":"","_links":{"self":[{"href":"https:\/\/nalanda-monastery.eu\/fr\/wp-json\/wp\/v2\/pages\/16012","targetHints":{"allow":["GET"]}}],"collection":[{"href":"https:\/\/nalanda-monastery.eu\/fr\/wp-json\/wp\/v2\/pages"}],"about":[{"href":"https:\/\/nalanda-monastery.eu\/fr\/wp-json\/wp\/v2\/types\/page"}],"author":[{"embeddable":true,"href":"https:\/\/nalanda-monastery.eu\/fr\/wp-json\/wp\/v2\/users\/125"}],"replies":[{"embeddable":true,"href":"https:\/\/nalanda-monastery.eu\/fr\/wp-json\/wp\/v2\/comments?post=16012"}],"version-history":[{"count":28,"href":"https:\/\/nalanda-monastery.eu\/fr\/wp-json\/wp\/v2\/pages\/16012\/revisions"}],"predecessor-version":[{"id":16242,"href":"https:\/\/nalanda-monastery.eu\/fr\/wp-json\/wp\/v2\/pages\/16012\/revisions\/16242"}],"wp:attachment":[{"href":"https:\/\/nalanda-monastery.eu\/fr\/wp-json\/wp\/v2\/media?parent=16012"}],"curies":[{"name":"wp","href":"https:\/\/api.w.org\/{rel}","templated":true}]}}